{"id":530,"date":"2022-10-19T11:17:01","date_gmt":"2022-10-19T09:17:01","guid":{"rendered":"http:\/\/epsdelg.cluster030.hosting.ovh.net\/?page_id=530"},"modified":"2023-04-24T11:53:26","modified_gmt":"2023-04-24T09:53:26","slug":"accueil-de-jour","status":"publish","type":"page","link":"https:\/\/www.epsdelomagne.fr\/index.php\/accueil-de-jour\/","title":{"rendered":"Accueil de jour"},"content":{"rendered":"<h2>Accueil de jour<\/h2>\n<p>L&rsquo;Accueil de jour Alzheimer de 6 places permet de recevoir en journ\u00e9e du lundi au vendredi des personnes \u00e2g\u00e9es atteintes de d\u00e9mences ou de d\u00e9sorientation temporaire et propose une prise en charge adapt\u00e9e \u00e0 vis\u00e9e pr\u00e9ventive ou d&rsquo;entretien des facult\u00e9s cognitives.<\/p>\n<p>L&rsquo;\u00e9quipe organise des activit\u00e9s en petits groupes en fonction des capacit\u00e9s et des go\u00fbts de la personne. Les activit\u00e9s se d\u00e9clinent autour d&rsquo;activit\u00e9s quotidiennes et th\u00e9rapeutiques.<\/p>\n\n\n<p><strong>Informations utiles :<\/strong><\/p>\n\n\n\n<p>Accueil de jour rue Saint Laurent \u00e0 Fleurance (32500)<br>Secr\u00e9tariat : 05 62 64 21 42<\/p>\n\n\n\n<p><\/p>\n\n\n\n<div data-wp-interactive=\"core\/file\" class=\"wp-block-file\"><object data-wp-bind--hidden=\"!state.hasPdfPreview\" hidden class=\"wp-block-file__embed\" data=\"https:\/\/www.epsdelomagne.fr\/wp-content\/uploads\/2022\/10\/plaquette-accueil-de-jour-2020.pdf\" type=\"application\/pdf\" style=\"width:100%;height:600px\" aria-label=\"Contenu embarqu\u00e9 plaquette-accueil-de-jour-2020.\"><\/object><a id=\"wp-block-file--media-66d6590d-a626-4536-8ba2-2e826ca02f77\" href=\"https:\/\/www.epsdelomagne.fr\/wp-content\/uploads\/2022\/10\/plaquette-accueil-de-jour-2020.pdf\">plaquette-accueil-de-jour-2020<\/a><a href=\"https:\/\/www.epsdelomagne.fr\/wp-content\/uploads\/2022\/10\/plaquette-accueil-de-jour-2020.pdf\" class=\"wp-block-file__button wp-element-button\" download aria-describedby=\"wp-block-file--media-66d6590d-a626-4536-8ba2-2e826ca02f77\">T\u00e9l\u00e9charger<\/a><\/div>\n","protected":false},"excerpt":{"rendered":"<p>Accueil de jour L&rsquo;Accueil de jour Alzheimer de 6 places permet de recevoir en journ\u00e9e du lundi au vendredi des<\/p>\n<p><a href=\"https:\/\/www.epsdelomagne.fr\/index.php\/accueil-de-jour\/\" class=\"more-link\">Test<span class=\"screen-reader-text\">Accueil de jour<\/span><\/a><\/p>\n","protected":false},"author":1,"featured_media":0,"parent":0,"menu_order":0,"comment_status":"closed","ping_status":"closed","template":"","meta":{"content-type":"","om_disable_all_campaigns":false,"_monsterinsights_skip_tracking":false,"_monsterinsights_sitenote_active":false,"_monsterinsights_sitenote_note":"","_monsterinsights_sitenote_category":0,"ngg_post_thumbnail":0,"footnotes":""},"class_list":["post-530","page","type-page","status-publish","hentry"],"jetpack_sharing_enabled":true,"_links":{"self":[{"href":"https:\/\/www.epsdelomagne.fr\/index.php\/wp-json\/wp\/v2\/pages\/530","targetHints":{"allow":["GET"]}}],"collection":[{"href":"https:\/\/www.epsdelomagne.fr\/index.php\/wp-json\/wp\/v2\/pages"}],"about":[{"href":"https:\/\/www.epsdelomagne.fr\/index.php\/wp-json\/wp\/v2\/types\/page"}],"author":[{"embeddable":true,"href":"https:\/\/www.epsdelomagne.fr\/index.php\/wp-json\/wp\/v2\/users\/1"}],"replies":[{"embeddable":true,"href":"https:\/\/www.epsdelomagne.fr\/index.php\/wp-json\/wp\/v2\/comments?post=530"}],"version-history":[{"count":11,"href":"https:\/\/www.epsdelomagne.fr\/index.php\/wp-json\/wp\/v2\/pages\/530\/revisions"}],"predecessor-version":[{"id":346688,"href":"https:\/\/www.epsdelomagne.fr\/index.php\/wp-json\/wp\/v2\/pages\/530\/revisions\/346688"}],"wp:attachment":[{"href":"https:\/\/www.epsdelomagne.fr\/index.php\/wp-json\/wp\/v2\/media?parent=530"}],"curies":[{"name":"wp","href":"https:\/\/api.w.org\/{rel}","templated":true}]}}